{"id":191,"date":"2021-09-30T19:25:36","date_gmt":"2021-09-30T17:25:36","guid":{"rendered":"http:\/\/haft.etnomuzeum.pl\/?page_id=191"},"modified":"2021-10-12T22:02:57","modified_gmt":"2021-10-12T20:02:57","slug":"wspolczesnosc","status":"publish","type":"page","link":"http:\/\/haft.etnomuzeum.pl\/?page_id=191","title":{"rendered":"wspo\u0142czesnosc"},"content":{"rendered":"[vc_row type=&#8221;full_width_content&#8221; full_screen_row_position=&#8221;middle&#8221; column_margin=&#8221;default&#8221; column_direction=&#8221;default&#8221; column_direction_tablet=&#8221;default&#8221; column_direction_phone=&#8221;default&#8221; bg_image=&#8221;616&#8243; bg_position=&#8221;left top&#8221; background_image_loading=&#8221;default&#8221; bg_repeat=&#8221;no-repeat&#8221; scene_position=&#8221;center&#8221; text_color=&#8221;dark&#8221; text_align=&#8221;left&#8221; row_border_radius=&#8221;none&#8221; row_border_radius_applies=&#8221;bg&#8221; overlay_strength=&#8221;0.3&#8243; gradient_direction=&#8221;left_to_right&#8221; shape_divider_position=&#8221;bottom&#8221; bg_image_animation=&#8221;none&#8221; shape_type=&#8221;&#8221;][vc_column column_padding=&#8221;no-extra-padding&#8221; column_padding_tablet=&#8221;inherit&#8221; column_padding_phone=&#8221;inherit&#8221; column_padding_position=&#8221;all&#8221; column_element_spacing=&#8221;default&#8221; background_color_opacity=&#8221;1&#8243; background_hover_color_opacity=&#8221;1&#8243; column_shadow=&#8221;none&#8221; column_border_radius=&#8221;none&#8221; column_link_target=&#8221;_self&#8221; gradient_direction=&#8221;left_to_right&#8221; overlay_strength=&#8221;0.3&#8243; width=&#8221;1\/1&#8243; tablet_width_inherit=&#8221;default&#8221; tablet_text_alignment=&#8221;default&#8221; phone_text_alignment=&#8221;default&#8221; bg_image_animation=&#8221;none&#8221; border_type=&#8221;simple&#8221; column_border_width=&#8221;none&#8221; column_border_style=&#8221;solid&#8221;][image_with_animation image_url=&#8221;609&#8243; animation=&#8221;Fade In&#8221; hover_animation=&#8221;none&#8221; alignment=&#8221;center&#8221; border_radius=&#8221;none&#8221; box_shadow=&#8221;none&#8221; image_loading=&#8221;default&#8221; max_width=&#8221;custom&#8221; max_width_custom=&#8221;1425&#8243;][\/vc_column][\/vc_row][vc_row type=&#8221;in_container&#8221; full_screen_row_position=&#8221;middle&#8221; column_margin=&#8221;default&#8221; column_direction=&#8221;default&#8221; column_direction_tablet=&#8221;default&#8221; column_direction_phone=&#8221;default&#8221; scene_position=&#8221;center&#8221; top_padding=&#8221;110&#8243; text_color=&#8221;dark&#8221; text_align=&#8221;left&#8221; row_border_radius=&#8221;none&#8221; row_border_radius_applies=&#8221;bg&#8221; overlay_strength=&#8221;0.3&#8243; gradient_direction=&#8221;left_to_right&#8221; shape_divider_position=&#8221;bottom&#8221; bg_image_animation=&#8221;none&#8221; shape_type=&#8221;&#8221;][vc_column column_padding=&#8221;no-extra-padding&#8221; column_padding_tablet=&#8221;inherit&#8221; column_padding_phone=&#8221;inherit&#8221; column_padding_position=&#8221;all&#8221; column_element_spacing=&#8221;default&#8221; background_color_opacity=&#8221;1&#8243; background_hover_color_opacity=&#8221;1&#8243; column_shadow=&#8221;none&#8221; column_border_radius=&#8221;none&#8221; column_link_target=&#8221;_self&#8221; gradient_direction=&#8221;left_to_right&#8221; overlay_strength=&#8221;0.3&#8243; width=&#8221;1\/1&#8243; tablet_width_inherit=&#8221;default&#8221; tablet_text_alignment=&#8221;default&#8221; phone_text_alignment=&#8221;default&#8221; bg_image_animation=&#8221;none&#8221; border_type=&#8221;simple&#8221; column_border_width=&#8221;none&#8221; column_border_style=&#8221;solid&#8221;][vc_column_text]\n<h3 class=\"p1\" style=\"text-align: center;\"><span class=\"s1\" style=\"color: #e71158;\">Wsp\u00f3\u0142czesno\u015b\u0107<\/span><\/h3>\n[\/vc_column_text][vc_column_text]\n<p class=\"p3\"><span class=\"s1\">Do 1945 r. umiej\u0119tno\u015b\u0107 wykonywania haftu na elementach stroju przekazywana by\u0142a przede wszystkim z pokolenia na pokolenie. Po II wojnie \u015bwiatowej kujawski haft przestaje by\u0107 powszechnie stosowany. Wraz z zanikiem stroj\u00f3w ludowych zacz\u0119\u0142o gin\u0105\u0107 tak\u017ce jego zdobnictwo. Na prze\u0142omie lat 40. i 50. XX w., jedynie najstarsze Kujawianki zachowywa\u0142y czepiec i czasami fartuch \u201ena ostatni\u0105 drog\u0119\u201d. W\u00a0pierwszych powojennych latach Muzeum Kujawskie we W\u0142oc\u0142awku podj\u0119\u0142o si\u0119 przedsi\u0119wzi\u0119cia ratowania haftu kujawskiego, korzystaj\u0105c z pomocy \u017cyj\u0105cych jeszcze nestorek tej dziedziny r\u0119kodzie\u0142a ludowego. Przeprowadzone zosta\u0142y liczne kursy, a instruktorkami by\u0142y najlepsze hafciarki oraz osoby zwi\u0105zane z muzeami w Toruniu i W\u0142oc\u0142awku: Halina Miku\u0142owska, Henryka Kr\u00f3likowska i Helena Kuczy\u0144ska. W wyniku tych dzia\u0142a\u0144 ju\u017c pod koniec lat 50. coraz wi\u0119cej kobiet zn\u00f3w zacz\u0119\u0142o haftowa\u0107. Organizowano tak\u017ce kursy w wielu miejscowo\u015bciach regionu, ciesz\u0105ce si\u0119 ogromn\u0105 popularno\u015bci\u0105. W tym okresie nadal funkcjonowa\u0142 tak\u017ce przekaz mi\u0119dzypokoleniowy, cho\u0107 ju\u017c nie w takim wymiarze jak dawniej.<\/span><\/p>\n<p class=\"p3\"><span class=\"s1\">W 1956 r. og\u0142oszono pierwszy konkurs na haft w Muzeum we W\u0142oc\u0142awku, w p\u00f3\u017aniejszym czasie zacz\u0119to je tak\u017ce organizowa\u0107 w Muzeum w Inowroc\u0142awiu. Od lat 70. XX w. podobne dzia\u0142ania podj\u0119\u0142a tak\u017ce Sp\u00f3\u0142dzielnia Pracy R\u0119kodzie\u0142a Ludowego i Artystycznego \u201eSztuka Kujawska\u201d we W\u0142oc\u0142awku, zatrudniaj\u0105ca cha\u0142upniczki po kursach haftu, kt\u00f3re odtwarza\u0142y kujawskie wzornictwo na wsp\u00f3\u0142czesnych wyrobach. Dzi\u0119ki temu, kujawski haft przetrwa\u0142, a dla wielu kobiet sta\u0142 si\u0119 \u017cyciow\u0105 pasj\u0105. Najlepsze w tej dziedzinie tw\u00f3rczynie, dokona\u0142y ewolucji przeniesienia dawnych wzor\u00f3w i\u00a0ich kompozycji na wsp\u00f3\u0142czesne formy, g\u0142\u00f3wnie bielizn\u0119 sto\u0142ow\u0105. Ponadto, zdobnictwo stroju ludowego powr\u00f3ci\u0142o tak\u017ce w kostiumach scenicznych, w\u00a0kt\u00f3rych wyst\u0119puj\u0105 zespo\u0142y folklorystyczne podczas festiwali i festyn\u00f3w oraz tw\u00f3rczynie kujawskie na r\u00f3\u017cnego rodzaju imprezach promuj\u0105cych rodzim\u0105 sztuk\u0119 i r\u0119kodzie\u0142o. <\/span><\/p>\n<p class=\"p3\"><span class=\"s1\">Umiej\u0119tno\u015b\u0107 haftowania, dob\u00f3r motyw\u00f3w i tworzenie kompozycji s\u0105 podstaw\u0105 trwania kujawskiego zdobnictwa na tkaninach. Adaptacje na bieli\u017anie sto\u0142owej nawi\u0105zuj\u0105 do wyszy\u0107 na fartuchach czy halkach. Obecnie niekt\u00f3re tw\u00f3rczynie przenosz\u0105 hafty na zupe\u0142nie nowe formy takie jak wsp\u00f3\u0142czesne bluzki kobiece, serwetki do koszyczk\u00f3w ze \u015bwi\u0119conym czy fartuszki kelnerskie. <\/span><\/p>\n[\/vc_column_text][\/vc_column][\/vc_row][vc_row type=&#8221;in_container&#8221; full_screen_row_position=&#8221;middle&#8221; column_margin=&#8221;default&#8221; column_direction=&#8221;default&#8221; column_direction_tablet=&#8221;default&#8221; column_direction_phone=&#8221;default&#8221; scene_position=&#8221;center&#8221; text_color=&#8221;dark&#8221; text_align=&#8221;left&#8221; row_border_radius=&#8221;none&#8221; row_border_radius_applies=&#8221;bg&#8221; overlay_strength=&#8221;0.3&#8243; gradient_direction=&#8221;left_to_right&#8221; shape_divider_position=&#8221;bottom&#8221; bg_image_animation=&#8221;none&#8221;][vc_column column_padding=&#8221;no-extra-padding&#8221; column_padding_tablet=&#8221;inherit&#8221; column_padding_phone=&#8221;inherit&#8221; column_padding_position=&#8221;all&#8221; column_element_spacing=&#8221;default&#8221; background_color_opacity=&#8221;1&#8243; background_hover_color_opacity=&#8221;1&#8243; column_shadow=&#8221;none&#8221; column_border_radius=&#8221;none&#8221; column_link_target=&#8221;_self&#8221; gradient_direction=&#8221;left_to_right&#8221; overlay_strength=&#8221;0.3&#8243; width=&#8221;1\/1&#8243; tablet_width_inherit=&#8221;default&#8221; tablet_text_alignment=&#8221;default&#8221; phone_text_alignment=&#8221;default&#8221; bg_image_animation=&#8221;none&#8221; border_type=&#8221;simple&#8221; column_border_width=&#8221;none&#8221; column_border_style=&#8221;solid&#8221;][vc_gallery type=&#8221;nectarslider_style&#8221; images=&#8221;869,864,868,867,866,865&#8243; image_loading=&#8221;default&#8221; disable_auto_rotate=&#8221;true&#8221; bullet_navigation_style=&#8221;see_through&#8221; onclick=&#8221;link_image&#8221; img_size=&#8221;800&#215;750&#8243;][vc_column_text]\n<p class=\"p1\"><span class=\"s1\">Na Kujawach Wschodnich najwa\u017cniejsze o\u015brodki hafciarskie to: Radziej\u00f3w, Osi\u0119ciny, Kowal, Brze\u015b\u0107 Kujawski, W\u0142oc\u0142awek, \u015ami\u0142owice. W ko\u0144cu XIX w. inicjatork\u0105 o\u015brodka w Radziejowie by\u0142a Joanna Chmielewska (1875-1954). <\/span><\/p>\n[\/vc_column_text][\/vc_column][\/vc_row][vc_row type=&#8221;in_container&#8221; full_screen_row_position=&#8221;middle&#8221; column_margin=&#8221;default&#8221; column_direction=&#8221;default&#8221; column_direction_tablet=&#8221;default&#8221; column_direction_phone=&#8221;default&#8221; scene_position=&#8221;center&#8221; bottom_padding=&#8221;60&#8243; text_color=&#8221;dark&#8221; text_align=&#8221;left&#8221; row_border_radius=&#8221;none&#8221; row_border_radius_applies=&#8221;bg&#8221; overlay_strength=&#8221;0.3&#8243; gradient_direction=&#8221;left_to_right&#8221; shape_divider_position=&#8221;bottom&#8221; bg_image_animation=&#8221;none&#8221; shape_type=&#8221;&#8221;][vc_column column_padding=&#8221;no-extra-padding&#8221; column_padding_tablet=&#8221;inherit&#8221; column_padding_phone=&#8221;inherit&#8221; column_padding_position=&#8221;all&#8221; column_element_spacing=&#8221;default&#8221; background_color_opacity=&#8221;1&#8243; background_hover_color_opacity=&#8221;1&#8243; column_shadow=&#8221;none&#8221; column_border_radius=&#8221;none&#8221; column_link_target=&#8221;_self&#8221; gradient_direction=&#8221;left_to_right&#8221; overlay_strength=&#8221;0.3&#8243; width=&#8221;1\/1&#8243; tablet_width_inherit=&#8221;default&#8221; tablet_text_alignment=&#8221;default&#8221; phone_text_alignment=&#8221;default&#8221; bg_image_animation=&#8221;none&#8221; border_type=&#8221;simple&#8221; column_border_width=&#8221;none&#8221; column_border_style=&#8221;solid&#8221;][vc_column_text]\n<p class=\"p1\"><span class=\"s1\">W okresie powojennym najbardziej zas\u0142u\u017cone hafciarki to Genowefa Giergielewicz (1924-2018) z Go\u0142aszewa, Genowefa Kurant (1920-2001) z Brze\u015bcia Kujawskiego, <\/span><span class=\"s2\">Janina Paradowska (1918-2003) z Kowala, Maria Szewczyk (1901-1995) ze \u015ami\u0142owic. Z Radziejowa pochodzi\u0142y: Stanis\u0142awa Ignasiak (1908-1984),<\/span><span class=\"s1\"> Stanis\u0142awa Karpi\u0144ska (1911-1985), Zofia Lewandowska (1914-1989), Leokadia Machtyl (1916-2007), Lucyna Nowacka (1889-1961), Kazimiera Polankiewicz (1903-1963), Krystyna Wojciechowska (1919-2010). Z W\u0142oc\u0142awka: Regina Majchrzak (1934-2018), Beata Polnisiak (1964-2018), Gra\u017cyna \u015awi\u0105tek (1952-2018), Krystyna W\u0142odkowska (1939-2007). <\/span><\/p>\n<p class=\"p1\"><span class=\"s1\">W okresie powojennym najbardziej zas\u0142u\u017cone hafciarki to Genowefa Giergielewicz (1924-2018) z Go\u0142aszewa, Genowefa Kurant (1920-2001) z Brze\u015bcia Kujawskiego, <\/span><span class=\"s2\">Janina Paradowska (1918-2003) z Kowala, Maria Szewczyk (1901-1995) ze \u015ami\u0142owic. Z Radziejowa pochodzi\u0142y: Stanis\u0142awa Ignasiak (1908-1984),<\/span><span class=\"s1\"> Stanis\u0142awa Karpi\u0144ska (1911-1985), Zofia Lewandowska (1914-1989), Leokadia Machtyl (1916-2007), Lucyna Nowacka (1889-1961), Kazimiera Polankiewicz (1903-1963), Krystyna Wojciechowska (1919-2010). Z W\u0142oc\u0142awka: Regina Majchrzak (1934-2018), Beata Polnisiak (1964-2018), Gra\u017cyna \u015awi\u0105tek (1952-2018), Krystyna W\u0142odkowska (1939-2007). <\/span><\/p>\n<p class=\"p1\"><span class=\"s1\">Do chwili obecnej czynnymi hafciarkami, dzia\u0142aj\u0105cymi we W\u0142oc\u0142awku s\u0105 Irena Najdek (1933), Zofia Szmajda-Mierzwicka (1926), Krystyna Zagrabska (1963) oraz Zofia Bielecka (1940). Znanymi w \u015brodowisku tw\u00f3rczym hafciarkami, niedzia\u0142aj\u0105cymi obecnie, s\u0105 tak\u017ce Maria Nowak (1940) z Osi\u0119cin, R\u00f3\u017ca Polewska (1964) z Szatek, Bo\u017cena Sobczak (1953) z Go\u0142aszewa i Jadwiga Reska (1944) z Radziejowa.<\/span><\/p>\n<p class=\"p1\"><span class=\"s1\">Najwa\u017cniejsze o\u015brodki hafciarskie na Kujawach Zachodnich to: Strzelno, Kruszwica, Inowroc\u0142aw, Pako\u015b\u0107, Kobylniki, S\u0142awsk Wielki oraz Piechcin. Do najbardziej zas\u0142u\u017conych hafciarek nale\u017ca\u0142a Maria Patyk (1924-2011), kt\u00f3ra utworzy\u0142a wa\u017cny o\u015brodek w S\u0142awsku <\/span>Wielkim. Z tego o\u015brodka do najwybitniejszych nale\u017ca\u0142y: Barbara Kawalerska (1947-2015), Cecylia Turkowska (1929-2011), Maria Wudzi\u0144ska (1913-2009).<\/p>\n<p class=\"p1\"><span class=\"s1\">Kontynuuj\u0105 dzia\u0142alno\u015b\u0107 hafciarsk\u0105 uczennice Marii Patyk: Ma\u0142gorzata Barnat (1960) z \u0141ubianki, Jadwiga Bogdanowicz (1948), Ma\u0142gorzata Sobota (1953), Agnieszka Wolsza (1928) z Inowroc\u0142awia, Teresa Barci\u0144ska (1956), Henryka Derezi\u0144ska (1947), Helena Janczyszyn (1952) i Jadwiga Turkowska (1959) z Kobylnik, Krystyna Barczykowska i Gra\u017cyna Kasza (1957) ze Strzelna, El\u017cbieta Pastuch (1948) ze S\u0142awska Wielkiego, El\u017cbieta Staszak (1948) z Pako\u015bci, Ewa Jankowska (1957) z Piechcina. Zako\u0144czy\u0142y ju\u017c dzia\u0142alno\u015b\u0107 hafciarsk\u0105 Jadwiga Kowalska (1928) z Piecek, Zofia Matuszak (1923) z Kruszwicy, Wanda Pieczy\u0144ska (1924) ze S\u0142awska Wielkiego i R\u00f3\u017ca Waszak (1949) z Kobylnik.<\/span><\/p>\n[\/vc_column_text][\/vc_column][\/vc_row][vc_row type=&#8221;full_width_background&#8221; full_screen_row_position=&#8221;middle&#8221; column_margin=&#8221;default&#8221; column_direction=&#8221;default&#8221; column_direction_tablet=&#8221;default&#8221; column_direction_phone=&#8221;default&#8221; bg_image=&#8221;910&#8243; background_image_mobile_hidden=&#8221;true&#8221; bg_position=&#8221;center center&#8221; background_image_loading=&#8221;default&#8221; bg_repeat=&#8221;no-repeat&#8221; scene_position=&#8221;center&#8221; top_padding=&#8221;150&#8243; bottom_padding=&#8221;150&#8243; text_color=&#8221;dark&#8221; text_align=&#8221;left&#8221; row_border_radius=&#8221;none&#8221; row_border_radius_applies=&#8221;bg&#8221; overlay_strength=&#8221;0.3&#8243; gradient_direction=&#8221;left_to_right&#8221; shape_divider_position=&#8221;bottom&#8221; bg_image_animation=&#8221;none&#8221; shape_type=&#8221;&#8221;][vc_column column_padding=&#8221;no-extra-padding&#8221; column_padding_tablet=&#8221;inherit&#8221; column_padding_phone=&#8221;inherit&#8221; column_padding_position=&#8221;left-right&#8221; top_margin=&#8221;110&#8243; bottom_margin=&#8221;170&#8243; left_margin=&#8221;250&#8243; right_margin=&#8221;250&#8243; column_element_spacing=&#8221;default&#8221; background_color_opacity=&#8221;1&#8243; background_hover_color_opacity=&#8221;1&#8243; column_shadow=&#8221;none&#8221; column_border_radius=&#8221;none&#8221; column_link_target=&#8221;_self&#8221; gradient_direction=&#8221;left_to_right&#8221; overlay_strength=&#8221;0.3&#8243; width=&#8221;1\/1&#8243; tablet_width_inherit=&#8221;default&#8221; tablet_text_alignment=&#8221;default&#8221; phone_text_alignment=&#8221;default&#8221; bg_image_animation=&#8221;none&#8221; border_type=&#8221;simple&#8221; column_border_width=&#8221;none&#8221; column_border_style=&#8221;solid&#8221;]\t\t\t\t\r\n\t\t\t\t\r\n\t\t\t\t\r\n\t\t\t\t<div class=\"portfolio-wrap \">\r\n\t\t\t\t\t\r\n\t\t\t\t\t\t\t\t\t\t\r\n\t\t\t\t\t<span class=\"portfolio-loading  none\">   <\/span>\r\n\t\t\t\t\t\r\n\t\t\t\t\t\t\t\t\t\t\r\n\t\t\t\t\t<div class=\"row portfolio-items masonry-items  \" data-rcp=\"false\" data-masonry-type=\"default\" data-ps=\"9\" data-starting-filter=\"\" data-gutter=\"20px\" data-categories-to-show=\"hafciarki\" data-bypass-cropping=\"true\" data-lightbox-only=\"true\" data-col-num=\"cols-3\">\r\n\t\t\t\t\t\t\t\t\t\t\t\t\r\n\t\t\t\t\t\t\t\t\t\t\t\t\r\n\t\t\t\t\t\t<div class=\"col span_4 regular element hafciarki \"  data-project-cat=\"hafciarki \" data-default-color=\"true\" data-title-color=\"\" data-subtitle-color=\"\">\r\n\t\t\t\t\t\t\t\r\n\t\t\t\t\t\t\t<div class=\"inner-wrap animated\" data-animation=\"none\">\r\n\t\t\t\t\t\t\t\t\r\n\t\t\t\t\t\t\t\t\t\t\t\t\t\t\t\t\t\r\n\t\t\t\t\t\t\t\t\t<div class=\"work-item style-1\" data-custom-content=\"off\">\r\n\t\t\t\t\t\t\t\t\t\t\r\n\t\t\t\t\t\t\t\t\t\t<img loading=\"lazy\" decoding=\"async\" class=\"size-regular skip-lazy\" src=\"http:\/\/haft.etnomuzeum.pl\/wp-content\/uploads\/2021\/10\/Zofia_Szmajda.jpg\" alt=\"Zofia Szmajda\" height=\"500\" width=\"500\" srcset=\"http:\/\/haft.etnomuzeum.pl\/wp-content\/uploads\/2021\/10\/Zofia_Szmajda.jpg 800w, http:\/\/haft.etnomuzeum.pl\/wp-content\/uploads\/2021\/10\/Zofia_Szmajda-276x300.jpg 276w, http:\/\/haft.etnomuzeum.pl\/wp-content\/uploads\/2021\/10\/Zofia_Szmajda-768x835.jpg 768w\" sizes=\"auto, (min-width: 1000px) 33.3vw, (min-width: 690px) 50vw, 100vw\" \/>\t\t\t\t\t\t\t\t\t\t\r\n\t\t\t\t\t\t\t\t\t\t\r\n\t\t\t\t\t\t\t\t\t\t<div class=\"work-info\"> \r\n\t\t\t\t\t\t\t\t\t\t\t\r\n\t\t\t\t\t\t\t\t\t\t\t\r\n\t\t\t\t\t\t\t\t\t\t\t\t\t\t\t\t\t\t\t\t\t\t\t\t\t<a href=\"http:\/\/haft.etnomuzeum.pl\/wp-content\/uploads\/2021\/10\/Zofia_Szmajda.jpg\"  title=\"Zofia Szmajda\"  class=\"pretty_photo\"><\/a>\r\n\t\t\t\t\t\t\t\t\t\t\t\t\t\t\t\t\t\t\t\t\t\t\t\t\r\n\t\t\t\t\t\t\t\t\t\t\t\r\n\t\t\t\t\t\t\t\t\t\t<\/div>\r\n\t\t\t\t\t\t\t\t\t\t\r\n\t\t\t\t\t\t\t\t\t<\/div><!--work-item-->\r\n\t\t\t\t\t\t\t\t\t\r\n\t\t\t\t\t\t\t\t\t<div class=\"work-meta\">\r\n\t\t\t\t\t\t\t\t\t\t<h4 class=\"title\">15<\/h4>\r\n\t\t\t\t\t\t\t\t\t\t\r\n\t\t\t\t\t\t\t\t\t\t\t\t\t\t\t\t\t\t\t\t\r\n\t\t\t\t\t\t\t\t\t<\/div>\r\n\t\t\t\t\t\t\t\t\t\r\n\t\t\t\t\t\t\t\t\t\r\n\t\t\t\t\t\t\t\t\t\t\t\t\t\t\t\t\r\n\t\t\t\t\t\t\t\t\r\n\t\t\t\t\t\t\t<\/div><!--\/inner-wrap-->\r\n\t\t\t\t\t\t<\/div><!--\/col-->\r\n\t\t\t\t\t\t\r\n\t\t\t\t\t\t\t\t\t\t\t\r\n\t\t\t\t\t\t\t\t\t\t\t\t\r\n\t\t\t\t\t\t<div class=\"col span_4 regular element hafciarki \"  data-project-cat=\"hafciarki \" data-default-color=\"true\" data-title-color=\"\" data-subtitle-color=\"\">\r\n\t\t\t\t\t\t\t\r\n\t\t\t\t\t\t\t<div class=\"inner-wrap animated\" data-animation=\"none\">\r\n\t\t\t\t\t\t\t\t\r\n\t\t\t\t\t\t\t\t\t\t\t\t\t\t\t\t\t\r\n\t\t\t\t\t\t\t\t\t<div class=\"work-item style-1\" data-custom-content=\"off\">\r\n\t\t\t\t\t\t\t\t\t\t\r\n\t\t\t\t\t\t\t\t\t\t<img loading=\"lazy\" decoding=\"async\" class=\"size-regular skip-lazy\" src=\"http:\/\/haft.etnomuzeum.pl\/wp-content\/uploads\/2021\/10\/Teresa_Barcinska.jpg\" alt=\"Teresa Barcinska\" height=\"500\" width=\"500\" srcset=\"http:\/\/haft.etnomuzeum.pl\/wp-content\/uploads\/2021\/10\/Teresa_Barcinska.jpg 800w, http:\/\/haft.etnomuzeum.pl\/wp-content\/uploads\/2021\/10\/Teresa_Barcinska-276x300.jpg 276w, http:\/\/haft.etnomuzeum.pl\/wp-content\/uploads\/2021\/10\/Teresa_Barcinska-768x835.jpg 768w\" sizes=\"auto, (min-width: 1000px) 33.3vw, (min-width: 690px) 50vw, 100vw\" \/>\t\t\t\t\t\t\t\t\t\t\r\n\t\t\t\t\t\t\t\t\t\t\r\n\t\t\t\t\t\t\t\t\t\t<div class=\"work-info\"> \r\n\t\t\t\t\t\t\t\t\t\t\t\r\n\t\t\t\t\t\t\t\t\t\t\t\r\n\t\t\t\t\t\t\t\t\t\t\t\t\t\t\t\t\t\t\t\t\t\t\t\t\t<a href=\"http:\/\/haft.etnomuzeum.pl\/wp-content\/uploads\/2021\/10\/Teresa_Barcinska.jpg\"  title=\"Teresa Barcinska\"  class=\"pretty_photo\"><\/a>\r\n\t\t\t\t\t\t\t\t\t\t\t\t\t\t\t\t\t\t\t\t\t\t\t\t\r\n\t\t\t\t\t\t\t\t\t\t\t\r\n\t\t\t\t\t\t\t\t\t\t<\/div>\r\n\t\t\t\t\t\t\t\t\t\t\r\n\t\t\t\t\t\t\t\t\t<\/div><!--work-item-->\r\n\t\t\t\t\t\t\t\t\t\r\n\t\t\t\t\t\t\t\t\t<div class=\"work-meta\">\r\n\t\t\t\t\t\t\t\t\t\t<h4 class=\"title\">14<\/h4>\r\n\t\t\t\t\t\t\t\t\t\t\r\n\t\t\t\t\t\t\t\t\t\t\t\t\t\t\t\t\t\t\t\t\r\n\t\t\t\t\t\t\t\t\t<\/div>\r\n\t\t\t\t\t\t\t\t\t\r\n\t\t\t\t\t\t\t\t\t\r\n\t\t\t\t\t\t\t\t\t\t\t\t\t\t\t\t\r\n\t\t\t\t\t\t\t\t\r\n\t\t\t\t\t\t\t<\/div><!--\/inner-wrap-->\r\n\t\t\t\t\t\t<\/div><!--\/col-->\r\n\t\t\t\t\t\t\r\n\t\t\t\t\t\t\t\t\t\t\t\r\n\t\t\t\t\t\t\t\t\t\t\t\t\r\n\t\t\t\t\t\t<div class=\"col span_4 regular element hafciarki \"  data-project-cat=\"hafciarki \" data-default-color=\"true\" data-title-color=\"\" data-subtitle-color=\"\">\r\n\t\t\t\t\t\t\t\r\n\t\t\t\t\t\t\t<div class=\"inner-wrap animated\" data-animation=\"none\">\r\n\t\t\t\t\t\t\t\t\r\n\t\t\t\t\t\t\t\t\t\t\t\t\t\t\t\t\t\r\n\t\t\t\t\t\t\t\t\t<div class=\"work-item style-1\" data-custom-content=\"off\">\r\n\t\t\t\t\t\t\t\t\t\t\r\n\t\t\t\t\t\t\t\t\t\t<img loading=\"lazy\" decoding=\"async\" class=\"size-regular skip-lazy\" src=\"http:\/\/haft.etnomuzeum.pl\/wp-content\/uploads\/2021\/10\/Malgorzata_Sobota.jpg\" alt=\"Malgorzata Sobota\" height=\"500\" width=\"500\" srcset=\"http:\/\/haft.etnomuzeum.pl\/wp-content\/uploads\/2021\/10\/Malgorzata_Sobota.jpg 800w, http:\/\/haft.etnomuzeum.pl\/wp-content\/uploads\/2021\/10\/Malgorzata_Sobota-276x300.jpg 276w, http:\/\/haft.etnomuzeum.pl\/wp-content\/uploads\/2021\/10\/Malgorzata_Sobota-768x835.jpg 768w\" sizes=\"auto, (min-width: 1000px) 33.3vw, (min-width: 690px) 50vw, 100vw\" \/>\t\t\t\t\t\t\t\t\t\t\r\n\t\t\t\t\t\t\t\t\t\t\r\n\t\t\t\t\t\t\t\t\t\t<div class=\"work-info\"> \r\n\t\t\t\t\t\t\t\t\t\t\t\r\n\t\t\t\t\t\t\t\t\t\t\t\r\n\t\t\t\t\t\t\t\t\t\t\t\t\t\t\t\t\t\t\t\t\t\t\t\t\t<a href=\"http:\/\/haft.etnomuzeum.pl\/wp-content\/uploads\/2021\/10\/Malgorzata_Sobota.jpg\"  title=\"Malgorzata Sobota\"  class=\"pretty_photo\"><\/a>\r\n\t\t\t\t\t\t\t\t\t\t\t\t\t\t\t\t\t\t\t\t\t\t\t\t\r\n\t\t\t\t\t\t\t\t\t\t\t\r\n\t\t\t\t\t\t\t\t\t\t<\/div>\r\n\t\t\t\t\t\t\t\t\t\t\r\n\t\t\t\t\t\t\t\t\t<\/div><!--work-item-->\r\n\t\t\t\t\t\t\t\t\t\r\n\t\t\t\t\t\t\t\t\t<div class=\"work-meta\">\r\n\t\t\t\t\t\t\t\t\t\t<h4 class=\"title\">13<\/h4>\r\n\t\t\t\t\t\t\t\t\t\t\r\n\t\t\t\t\t\t\t\t\t\t\t\t\t\t\t\t\t\t\t\t\r\n\t\t\t\t\t\t\t\t\t<\/div>\r\n\t\t\t\t\t\t\t\t\t\r\n\t\t\t\t\t\t\t\t\t\r\n\t\t\t\t\t\t\t\t\t\t\t\t\t\t\t\t\r\n\t\t\t\t\t\t\t\t\r\n\t\t\t\t\t\t\t<\/div><!--\/inner-wrap-->\r\n\t\t\t\t\t\t<\/div><!--\/col-->\r\n\t\t\t\t\t\t\r\n\t\t\t\t\t\t\t\t\t\t\t\r\n\t\t\t\t\t\t\t\t\t\t\t\t\r\n\t\t\t\t\t\t<div class=\"col span_4 regular element hafciarki \"  data-project-cat=\"hafciarki \" data-default-color=\"true\" data-title-color=\"\" data-subtitle-color=\"\">\r\n\t\t\t\t\t\t\t\r\n\t\t\t\t\t\t\t<div class=\"inner-wrap animated\" data-animation=\"none\">\r\n\t\t\t\t\t\t\t\t\r\n\t\t\t\t\t\t\t\t\t\t\t\t\t\t\t\t\t\r\n\t\t\t\t\t\t\t\t\t<div class=\"work-item style-1\" data-custom-content=\"off\">\r\n\t\t\t\t\t\t\t\t\t\t\r\n\t\t\t\t\t\t\t\t\t\t<img loading=\"lazy\" decoding=\"async\" class=\"size-regular skip-lazy\" src=\"http:\/\/haft.etnomuzeum.pl\/wp-content\/uploads\/2021\/10\/Malgorzata_Barnat.jpg\" alt=\"Malgorzata Barnat\" height=\"500\" width=\"500\" srcset=\"http:\/\/haft.etnomuzeum.pl\/wp-content\/uploads\/2021\/10\/Malgorzata_Barnat.jpg 800w, http:\/\/haft.etnomuzeum.pl\/wp-content\/uploads\/2021\/10\/Malgorzata_Barnat-276x300.jpg 276w, http:\/\/haft.etnomuzeum.pl\/wp-content\/uploads\/2021\/10\/Malgorzata_Barnat-768x835.jpg 768w\" sizes=\"auto, (min-width: 1000px) 33.3vw, (min-width: 690px) 50vw, 100vw\" \/>\t\t\t\t\t\t\t\t\t\t\r\n\t\t\t\t\t\t\t\t\t\t\r\n\t\t\t\t\t\t\t\t\t\t<div class=\"work-info\"> \r\n\t\t\t\t\t\t\t\t\t\t\t\r\n\t\t\t\t\t\t\t\t\t\t\t\r\n\t\t\t\t\t\t\t\t\t\t\t\t\t\t\t\t\t\t\t\t\t\t\t\t\t<a href=\"http:\/\/haft.etnomuzeum.pl\/wp-content\/uploads\/2021\/10\/Malgorzata_Barnat.jpg\"  title=\"Malgorzata Barnat\"  class=\"pretty_photo\"><\/a>\r\n\t\t\t\t\t\t\t\t\t\t\t\t\t\t\t\t\t\t\t\t\t\t\t\t\r\n\t\t\t\t\t\t\t\t\t\t\t\r\n\t\t\t\t\t\t\t\t\t\t<\/div>\r\n\t\t\t\t\t\t\t\t\t\t\r\n\t\t\t\t\t\t\t\t\t<\/div><!--work-item-->\r\n\t\t\t\t\t\t\t\t\t\r\n\t\t\t\t\t\t\t\t\t<div class=\"work-meta\">\r\n\t\t\t\t\t\t\t\t\t\t<h4 class=\"title\">12<\/h4>\r\n\t\t\t\t\t\t\t\t\t\t\r\n\t\t\t\t\t\t\t\t\t\t\t\t\t\t\t\t\t\t\t\t\r\n\t\t\t\t\t\t\t\t\t<\/div>\r\n\t\t\t\t\t\t\t\t\t\r\n\t\t\t\t\t\t\t\t\t\r\n\t\t\t\t\t\t\t\t\t\t\t\t\t\t\t\t\r\n\t\t\t\t\t\t\t\t\r\n\t\t\t\t\t\t\t<\/div><!--\/inner-wrap-->\r\n\t\t\t\t\t\t<\/div><!--\/col-->\r\n\t\t\t\t\t\t\r\n\t\t\t\t\t\t\t\t\t\t\t\r\n\t\t\t\t\t\t\t\t\t\t\t\t\r\n\t\t\t\t\t\t<div class=\"col span_4 regular element hafciarki \"  data-project-cat=\"hafciarki \" data-default-color=\"true\" data-title-color=\"\" data-subtitle-color=\"\">\r\n\t\t\t\t\t\t\t\r\n\t\t\t\t\t\t\t<div class=\"inner-wrap animated\" data-animation=\"none\">\r\n\t\t\t\t\t\t\t\t\r\n\t\t\t\t\t\t\t\t\t\t\t\t\t\t\t\t\t\r\n\t\t\t\t\t\t\t\t\t<div class=\"work-item style-1\" data-custom-content=\"off\">\r\n\t\t\t\t\t\t\t\t\t\t\r\n\t\t\t\t\t\t\t\t\t\t<img loading=\"lazy\" decoding=\"async\" class=\"size-regular skip-lazy\" src=\"http:\/\/haft.etnomuzeum.pl\/wp-content\/uploads\/2021\/10\/Krystyna_Zagrabska.jpg\" alt=\"Krystyna Zagrabska\" height=\"500\" width=\"500\" srcset=\"http:\/\/haft.etnomuzeum.pl\/wp-content\/uploads\/2021\/10\/Krystyna_Zagrabska.jpg 800w, http:\/\/haft.etnomuzeum.pl\/wp-content\/uploads\/2021\/10\/Krystyna_Zagrabska-276x300.jpg 276w, http:\/\/haft.etnomuzeum.pl\/wp-content\/uploads\/2021\/10\/Krystyna_Zagrabska-768x835.jpg 768w\" sizes=\"auto, (min-width: 1000px) 33.3vw, (min-width: 690px) 50vw, 100vw\" \/>\t\t\t\t\t\t\t\t\t\t\r\n\t\t\t\t\t\t\t\t\t\t\r\n\t\t\t\t\t\t\t\t\t\t<div class=\"work-info\"> \r\n\t\t\t\t\t\t\t\t\t\t\t\r\n\t\t\t\t\t\t\t\t\t\t\t\r\n\t\t\t\t\t\t\t\t\t\t\t\t\t\t\t\t\t\t\t\t\t\t\t\t\t<a href=\"http:\/\/haft.etnomuzeum.pl\/wp-content\/uploads\/2021\/10\/Krystyna_Zagrabska.jpg\"  title=\"Krystyna Zagrabska\"  class=\"pretty_photo\"><\/a>\r\n\t\t\t\t\t\t\t\t\t\t\t\t\t\t\t\t\t\t\t\t\t\t\t\t\r\n\t\t\t\t\t\t\t\t\t\t\t\r\n\t\t\t\t\t\t\t\t\t\t<\/div>\r\n\t\t\t\t\t\t\t\t\t\t\r\n\t\t\t\t\t\t\t\t\t<\/div><!--work-item-->\r\n\t\t\t\t\t\t\t\t\t\r\n\t\t\t\t\t\t\t\t\t<div class=\"work-meta\">\r\n\t\t\t\t\t\t\t\t\t\t<h4 class=\"title\">11<\/h4>\r\n\t\t\t\t\t\t\t\t\t\t\r\n\t\t\t\t\t\t\t\t\t\t\t\t\t\t\t\t\t\t\t\t\r\n\t\t\t\t\t\t\t\t\t<\/div>\r\n\t\t\t\t\t\t\t\t\t\r\n\t\t\t\t\t\t\t\t\t\r\n\t\t\t\t\t\t\t\t\t\t\t\t\t\t\t\t\r\n\t\t\t\t\t\t\t\t\r\n\t\t\t\t\t\t\t<\/div><!--\/inner-wrap-->\r\n\t\t\t\t\t\t<\/div><!--\/col-->\r\n\t\t\t\t\t\t\r\n\t\t\t\t\t\t\t\t\t\t\t\r\n\t\t\t\t\t\t\t\t\t\t\t\t\r\n\t\t\t\t\t\t<div class=\"col span_4 regular element hafciarki \"  data-project-cat=\"hafciarki \" data-default-color=\"true\" data-title-color=\"\" data-subtitle-color=\"\">\r\n\t\t\t\t\t\t\t\r\n\t\t\t\t\t\t\t<div class=\"inner-wrap animated\" data-animation=\"none\">\r\n\t\t\t\t\t\t\t\t\r\n\t\t\t\t\t\t\t\t\t\t\t\t\t\t\t\t\t\r\n\t\t\t\t\t\t\t\t\t<div class=\"work-item style-1\" data-custom-content=\"off\">\r\n\t\t\t\t\t\t\t\t\t\t\r\n\t\t\t\t\t\t\t\t\t\t<img loading=\"lazy\" decoding=\"async\" class=\"size-regular skip-lazy\" src=\"http:\/\/haft.etnomuzeum.pl\/wp-content\/uploads\/2021\/10\/Krystyna_Barczykowska.jpg\" alt=\"Krystyna Barczykowska\" height=\"500\" width=\"500\" srcset=\"http:\/\/haft.etnomuzeum.pl\/wp-content\/uploads\/2021\/10\/Krystyna_Barczykowska.jpg 800w, http:\/\/haft.etnomuzeum.pl\/wp-content\/uploads\/2021\/10\/Krystyna_Barczykowska-276x300.jpg 276w, http:\/\/haft.etnomuzeum.pl\/wp-content\/uploads\/2021\/10\/Krystyna_Barczykowska-768x835.jpg 768w\" sizes=\"auto, (min-width: 1000px) 33.3vw, (min-width: 690px) 50vw, 100vw\" \/>\t\t\t\t\t\t\t\t\t\t\r\n\t\t\t\t\t\t\t\t\t\t\r\n\t\t\t\t\t\t\t\t\t\t<div class=\"work-info\"> \r\n\t\t\t\t\t\t\t\t\t\t\t\r\n\t\t\t\t\t\t\t\t\t\t\t\r\n\t\t\t\t\t\t\t\t\t\t\t\t\t\t\t\t\t\t\t\t\t\t\t\t\t<a href=\"http:\/\/haft.etnomuzeum.pl\/wp-content\/uploads\/2021\/10\/Krystyna_Barczykowska.jpg\"  class=\"pretty_photo\"><\/a>\r\n\t\t\t\t\t\t\t\t\t\t\t\t\t\t\t\t\t\t\t\t\t\t\t\t\r\n\t\t\t\t\t\t\t\t\t\t\t\r\n\t\t\t\t\t\t\t\t\t\t<\/div>\r\n\t\t\t\t\t\t\t\t\t\t\r\n\t\t\t\t\t\t\t\t\t<\/div><!--work-item-->\r\n\t\t\t\t\t\t\t\t\t\r\n\t\t\t\t\t\t\t\t\t<div class=\"work-meta\">\r\n\t\t\t\t\t\t\t\t\t\t<h4 class=\"title\">10<\/h4>\r\n\t\t\t\t\t\t\t\t\t\t\r\n\t\t\t\t\t\t\t\t\t\t\t\t\t\t\t\t\t\t\t\t\r\n\t\t\t\t\t\t\t\t\t<\/div>\r\n\t\t\t\t\t\t\t\t\t\r\n\t\t\t\t\t\t\t\t\t\r\n\t\t\t\t\t\t\t\t\t\t\t\t\t\t\t\t\r\n\t\t\t\t\t\t\t\t\r\n\t\t\t\t\t\t\t<\/div><!--\/inner-wrap-->\r\n\t\t\t\t\t\t<\/div><!--\/col-->\r\n\t\t\t\t\t\t\r\n\t\t\t\t\t\t\t\t\t\t\t\r\n\t\t\t\t\t\t\t\t\t\t\t\t\r\n\t\t\t\t\t\t<div class=\"col span_4 regular element hafciarki \"  data-project-cat=\"hafciarki \" data-default-color=\"true\" data-title-color=\"\" data-subtitle-color=\"\">\r\n\t\t\t\t\t\t\t\r\n\t\t\t\t\t\t\t<div class=\"inner-wrap animated\" data-animation=\"none\">\r\n\t\t\t\t\t\t\t\t\r\n\t\t\t\t\t\t\t\t\t\t\t\t\t\t\t\t\t\r\n\t\t\t\t\t\t\t\t\t<div class=\"work-item style-1\" data-custom-content=\"off\">\r\n\t\t\t\t\t\t\t\t\t\t\r\n\t\t\t\t\t\t\t\t\t\t<img loading=\"lazy\" decoding=\"async\" class=\"size-regular skip-lazy\" src=\"http:\/\/haft.etnomuzeum.pl\/wp-content\/uploads\/2021\/10\/Jadwiga_Turkowska.jpg\" alt=\"Jadwiga Turkowska\" height=\"500\" width=\"500\" srcset=\"http:\/\/haft.etnomuzeum.pl\/wp-content\/uploads\/2021\/10\/Jadwiga_Turkowska.jpg 800w, http:\/\/haft.etnomuzeum.pl\/wp-content\/uploads\/2021\/10\/Jadwiga_Turkowska-276x300.jpg 276w, http:\/\/haft.etnomuzeum.pl\/wp-content\/uploads\/2021\/10\/Jadwiga_Turkowska-768x835.jpg 768w\" sizes=\"auto, (min-width: 1000px) 33.3vw, (min-width: 690px) 50vw, 100vw\" \/>\t\t\t\t\t\t\t\t\t\t\r\n\t\t\t\t\t\t\t\t\t\t\r\n\t\t\t\t\t\t\t\t\t\t<div class=\"work-info\"> \r\n\t\t\t\t\t\t\t\t\t\t\t\r\n\t\t\t\t\t\t\t\t\t\t\t\r\n\t\t\t\t\t\t\t\t\t\t\t\t\t\t\t\t\t\t\t\t\t\t\t\t\t<a href=\"http:\/\/haft.etnomuzeum.pl\/wp-content\/uploads\/2021\/10\/Jadwiga_Turkowska.jpg\"  title=\"Jadwiga Turkowska\"  class=\"pretty_photo\"><\/a>\r\n\t\t\t\t\t\t\t\t\t\t\t\t\t\t\t\t\t\t\t\t\t\t\t\t\r\n\t\t\t\t\t\t\t\t\t\t\t\r\n\t\t\t\t\t\t\t\t\t\t<\/div>\r\n\t\t\t\t\t\t\t\t\t\t\r\n\t\t\t\t\t\t\t\t\t<\/div><!--work-item-->\r\n\t\t\t\t\t\t\t\t\t\r\n\t\t\t\t\t\t\t\t\t<div class=\"work-meta\">\r\n\t\t\t\t\t\t\t\t\t\t<h4 class=\"title\">9<\/h4>\r\n\t\t\t\t\t\t\t\t\t\t\r\n\t\t\t\t\t\t\t\t\t\t\t\t\t\t\t\t\t\t\t\t\r\n\t\t\t\t\t\t\t\t\t<\/div>\r\n\t\t\t\t\t\t\t\t\t\r\n\t\t\t\t\t\t\t\t\t\r\n\t\t\t\t\t\t\t\t\t\t\t\t\t\t\t\t\r\n\t\t\t\t\t\t\t\t\r\n\t\t\t\t\t\t\t<\/div><!--\/inner-wrap-->\r\n\t\t\t\t\t\t<\/div><!--\/col-->\r\n\t\t\t\t\t\t\r\n\t\t\t\t\t\t\t\t\t\t\t\r\n\t\t\t\t\t\t\t\t\t\t\t\t\r\n\t\t\t\t\t\t<div class=\"col span_4 regular element hafciarki \"  data-project-cat=\"hafciarki \" data-default-color=\"true\" data-title-color=\"\" data-subtitle-color=\"\">\r\n\t\t\t\t\t\t\t\r\n\t\t\t\t\t\t\t<div class=\"inner-wrap animated\" data-animation=\"none\">\r\n\t\t\t\t\t\t\t\t\r\n\t\t\t\t\t\t\t\t\t\t\t\t\t\t\t\t\t\r\n\t\t\t\t\t\t\t\t\t<div class=\"work-item style-1\" data-custom-content=\"off\">\r\n\t\t\t\t\t\t\t\t\t\t\r\n\t\t\t\t\t\t\t\t\t\t<img loading=\"lazy\" decoding=\"async\" class=\"size-regular skip-lazy\" src=\"http:\/\/haft.etnomuzeum.pl\/wp-content\/uploads\/2021\/10\/Jadwiga_Bogdanowicz.jpg\" alt=\"Jadwiga Bogdanowicz\" height=\"500\" width=\"500\" srcset=\"http:\/\/haft.etnomuzeum.pl\/wp-content\/uploads\/2021\/10\/Jadwiga_Bogdanowicz.jpg 800w, http:\/\/haft.etnomuzeum.pl\/wp-content\/uploads\/2021\/10\/Jadwiga_Bogdanowicz-276x300.jpg 276w, http:\/\/haft.etnomuzeum.pl\/wp-content\/uploads\/2021\/10\/Jadwiga_Bogdanowicz-768x835.jpg 768w\" sizes=\"auto, (min-width: 1000px) 33.3vw, (min-width: 690px) 50vw, 100vw\" \/>\t\t\t\t\t\t\t\t\t\t\r\n\t\t\t\t\t\t\t\t\t\t\r\n\t\t\t\t\t\t\t\t\t\t<div class=\"work-info\"> \r\n\t\t\t\t\t\t\t\t\t\t\t\r\n\t\t\t\t\t\t\t\t\t\t\t\r\n\t\t\t\t\t\t\t\t\t\t\t\t\t\t\t\t\t\t\t\t\t\t\t\t\t<a href=\"http:\/\/haft.etnomuzeum.pl\/wp-content\/uploads\/2021\/10\/Jadwiga_Bogdanowicz.jpg\"  title=\"Jadwiga Bogdanowicz\"  class=\"pretty_photo\"><\/a>\r\n\t\t\t\t\t\t\t\t\t\t\t\t\t\t\t\t\t\t\t\t\t\t\t\t\r\n\t\t\t\t\t\t\t\t\t\t\t\r\n\t\t\t\t\t\t\t\t\t\t<\/div>\r\n\t\t\t\t\t\t\t\t\t\t\r\n\t\t\t\t\t\t\t\t\t<\/div><!--work-item-->\r\n\t\t\t\t\t\t\t\t\t\r\n\t\t\t\t\t\t\t\t\t<div class=\"work-meta\">\r\n\t\t\t\t\t\t\t\t\t\t<h4 class=\"title\">8<\/h4>\r\n\t\t\t\t\t\t\t\t\t\t\r\n\t\t\t\t\t\t\t\t\t\t\t\t\t\t\t\t\t\t\t\t\r\n\t\t\t\t\t\t\t\t\t<\/div>\r\n\t\t\t\t\t\t\t\t\t\r\n\t\t\t\t\t\t\t\t\t\r\n\t\t\t\t\t\t\t\t\t\t\t\t\t\t\t\t\r\n\t\t\t\t\t\t\t\t\r\n\t\t\t\t\t\t\t<\/div><!--\/inner-wrap-->\r\n\t\t\t\t\t\t<\/div><!--\/col-->\r\n\t\t\t\t\t\t\r\n\t\t\t\t\t\t\t\t\t\t\t\r\n\t\t\t\t\t\t\t\t\t\t\t\t\r\n\t\t\t\t\t\t<div class=\"col span_4 regular element hafciarki \"  data-project-cat=\"hafciarki \" data-default-color=\"true\" data-title-color=\"\" data-subtitle-color=\"\">\r\n\t\t\t\t\t\t\t\r\n\t\t\t\t\t\t\t<div class=\"inner-wrap animated\" data-animation=\"none\">\r\n\t\t\t\t\t\t\t\t\r\n\t\t\t\t\t\t\t\t\t\t\t\t\t\t\t\t\t\r\n\t\t\t\t\t\t\t\t\t<div class=\"work-item style-1\" data-custom-content=\"off\">\r\n\t\t\t\t\t\t\t\t\t\t\r\n\t\t\t\t\t\t\t\t\t\t<img loading=\"lazy\" decoding=\"async\" class=\"size-regular skip-lazy\" src=\"http:\/\/haft.etnomuzeum.pl\/wp-content\/uploads\/2021\/10\/Irena_Najdek.jpg\" alt=\"Irena Najdek\" height=\"500\" width=\"500\" srcset=\"http:\/\/haft.etnomuzeum.pl\/wp-content\/uploads\/2021\/10\/Irena_Najdek.jpg 800w, http:\/\/haft.etnomuzeum.pl\/wp-content\/uploads\/2021\/10\/Irena_Najdek-276x300.jpg 276w, http:\/\/haft.etnomuzeum.pl\/wp-content\/uploads\/2021\/10\/Irena_Najdek-768x835.jpg 768w\" sizes=\"auto, (min-width: 1000px) 33.3vw, (min-width: 690px) 50vw, 100vw\" \/>\t\t\t\t\t\t\t\t\t\t\r\n\t\t\t\t\t\t\t\t\t\t\r\n\t\t\t\t\t\t\t\t\t\t<div class=\"work-info\"> \r\n\t\t\t\t\t\t\t\t\t\t\t\r\n\t\t\t\t\t\t\t\t\t\t\t\r\n\t\t\t\t\t\t\t\t\t\t\t\t\t\t\t\t\t\t\t\t\t\t\t\t\t<a href=\"http:\/\/haft.etnomuzeum.pl\/wp-content\/uploads\/2021\/10\/Irena_Najdek.jpg\"  title=\"Irena Najdek\"  class=\"pretty_photo\"><\/a>\r\n\t\t\t\t\t\t\t\t\t\t\t\t\t\t\t\t\t\t\t\t\t\t\t\t\r\n\t\t\t\t\t\t\t\t\t\t\t\r\n\t\t\t\t\t\t\t\t\t\t<\/div>\r\n\t\t\t\t\t\t\t\t\t\t\r\n\t\t\t\t\t\t\t\t\t<\/div><!--work-item-->\r\n\t\t\t\t\t\t\t\t\t\r\n\t\t\t\t\t\t\t\t\t<div class=\"work-meta\">\r\n\t\t\t\t\t\t\t\t\t\t<h4 class=\"title\">7<\/h4>\r\n\t\t\t\t\t\t\t\t\t\t\r\n\t\t\t\t\t\t\t\t\t\t\t\t\t\t\t\t\t\t\t\t\r\n\t\t\t\t\t\t\t\t\t<\/div>\r\n\t\t\t\t\t\t\t\t\t\r\n\t\t\t\t\t\t\t\t\t\r\n\t\t\t\t\t\t\t\t\t\t\t\t\t\t\t\t\r\n\t\t\t\t\t\t\t\t\r\n\t\t\t\t\t\t\t<\/div><!--\/inner-wrap-->\r\n\t\t\t\t\t\t<\/div><!--\/col-->\r\n\t\t\t\t\t\t\r\n\t\t\t\t\t\t\t\t\t\t\t\r\n\t\t\t\t\t\t\t\t\t\t\t\t\r\n\t\t\t\t\t\t<div class=\"col span_4 regular element hafciarki \"  data-project-cat=\"hafciarki \" data-default-color=\"true\" data-title-color=\"\" data-subtitle-color=\"\">\r\n\t\t\t\t\t\t\t\r\n\t\t\t\t\t\t\t<div class=\"inner-wrap animated\" data-animation=\"none\">\r\n\t\t\t\t\t\t\t\t\r\n\t\t\t\t\t\t\t\t\t\t\t\t\t\t\t\t\t\r\n\t\t\t\t\t\t\t\t\t<div class=\"work-item style-1\" data-custom-content=\"off\">\r\n\t\t\t\t\t\t\t\t\t\t\r\n\t\t\t\t\t\t\t\t\t\t<img loading=\"lazy\" decoding=\"async\" class=\"size-regular skip-lazy\" src=\"http:\/\/haft.etnomuzeum.pl\/wp-content\/uploads\/2021\/10\/Henryka_Derezinska.jpg\" alt=\"Henryka Derezinska\" height=\"500\" width=\"500\" srcset=\"http:\/\/haft.etnomuzeum.pl\/wp-content\/uploads\/2021\/10\/Henryka_Derezinska.jpg 800w, http:\/\/haft.etnomuzeum.pl\/wp-content\/uploads\/2021\/10\/Henryka_Derezinska-276x300.jpg 276w, http:\/\/haft.etnomuzeum.pl\/wp-content\/uploads\/2021\/10\/Henryka_Derezinska-768x835.jpg 768w\" sizes=\"auto, (min-width: 1000px) 33.3vw, (min-width: 690px) 50vw, 100vw\" \/>\t\t\t\t\t\t\t\t\t\t\r\n\t\t\t\t\t\t\t\t\t\t\r\n\t\t\t\t\t\t\t\t\t\t<div class=\"work-info\"> \r\n\t\t\t\t\t\t\t\t\t\t\t\r\n\t\t\t\t\t\t\t\t\t\t\t\r\n\t\t\t\t\t\t\t\t\t\t\t\t\t\t\t\t\t\t\t\t\t\t\t\t\t<a href=\"http:\/\/haft.etnomuzeum.pl\/wp-content\/uploads\/2021\/10\/Henryka_Derezinska.jpg\"  title=\"Henryka Derezinska\"  class=\"pretty_photo\"><\/a>\r\n\t\t\t\t\t\t\t\t\t\t\t\t\t\t\t\t\t\t\t\t\t\t\t\t\r\n\t\t\t\t\t\t\t\t\t\t\t\r\n\t\t\t\t\t\t\t\t\t\t<\/div>\r\n\t\t\t\t\t\t\t\t\t\t\r\n\t\t\t\t\t\t\t\t\t<\/div><!--work-item-->\r\n\t\t\t\t\t\t\t\t\t\r\n\t\t\t\t\t\t\t\t\t<div class=\"work-meta\">\r\n\t\t\t\t\t\t\t\t\t\t<h4 class=\"title\">6<\/h4>\r\n\t\t\t\t\t\t\t\t\t\t\r\n\t\t\t\t\t\t\t\t\t\t\t\t\t\t\t\t\t\t\t\t\r\n\t\t\t\t\t\t\t\t\t<\/div>\r\n\t\t\t\t\t\t\t\t\t\r\n\t\t\t\t\t\t\t\t\t\r\n\t\t\t\t\t\t\t\t\t\t\t\t\t\t\t\t\r\n\t\t\t\t\t\t\t\t\r\n\t\t\t\t\t\t\t<\/div><!--\/inner-wrap-->\r\n\t\t\t\t\t\t<\/div><!--\/col-->\r\n\t\t\t\t\t\t\r\n\t\t\t\t\t\t\t\t\t\t\t\r\n\t\t\t\t\t\t\t\t\t\t\t\t\r\n\t\t\t\t\t\t<div class=\"col span_4 regular element hafciarki \"  data-project-cat=\"hafciarki \" data-default-color=\"true\" data-title-color=\"\" data-subtitle-color=\"\">\r\n\t\t\t\t\t\t\t\r\n\t\t\t\t\t\t\t<div class=\"inner-wrap animated\" data-animation=\"none\">\r\n\t\t\t\t\t\t\t\t\r\n\t\t\t\t\t\t\t\t\t\t\t\t\t\t\t\t\t\r\n\t\t\t\t\t\t\t\t\t<div class=\"work-item style-1\" data-custom-content=\"off\">\r\n\t\t\t\t\t\t\t\t\t\t\r\n\t\t\t\t\t\t\t\t\t\t<img loading=\"lazy\" decoding=\"async\" class=\"size-regular skip-lazy\" src=\"http:\/\/haft.etnomuzeum.pl\/wp-content\/uploads\/2021\/10\/Helena_Janczyszyn.jpg\" alt=\"Helena Janczyszyn\" height=\"500\" width=\"500\" srcset=\"http:\/\/haft.etnomuzeum.pl\/wp-content\/uploads\/2021\/10\/Helena_Janczyszyn.jpg 800w, http:\/\/haft.etnomuzeum.pl\/wp-content\/uploads\/2021\/10\/Helena_Janczyszyn-276x300.jpg 276w, http:\/\/haft.etnomuzeum.pl\/wp-content\/uploads\/2021\/10\/Helena_Janczyszyn-768x835.jpg 768w\" sizes=\"auto, (min-width: 1000px) 33.3vw, (min-width: 690px) 50vw, 100vw\" \/>\t\t\t\t\t\t\t\t\t\t\r\n\t\t\t\t\t\t\t\t\t\t\r\n\t\t\t\t\t\t\t\t\t\t<div class=\"work-info\"> \r\n\t\t\t\t\t\t\t\t\t\t\t\r\n\t\t\t\t\t\t\t\t\t\t\t\r\n\t\t\t\t\t\t\t\t\t\t\t\t\t\t\t\t\t\t\t\t\t\t\t\t\t<a href=\"http:\/\/haft.etnomuzeum.pl\/wp-content\/uploads\/2021\/10\/Helena_Janczyszyn.jpg\"  title=\"Helena Janczyszyn\"  class=\"pretty_photo\"><\/a>\r\n\t\t\t\t\t\t\t\t\t\t\t\t\t\t\t\t\t\t\t\t\t\t\t\t\r\n\t\t\t\t\t\t\t\t\t\t\t\r\n\t\t\t\t\t\t\t\t\t\t<\/div>\r\n\t\t\t\t\t\t\t\t\t\t\r\n\t\t\t\t\t\t\t\t\t<\/div><!--work-item-->\r\n\t\t\t\t\t\t\t\t\t\r\n\t\t\t\t\t\t\t\t\t<div class=\"work-meta\">\r\n\t\t\t\t\t\t\t\t\t\t<h4 class=\"title\">5<\/h4>\r\n\t\t\t\t\t\t\t\t\t\t\r\n\t\t\t\t\t\t\t\t\t\t\t\t\t\t\t\t\t\t\t\t\r\n\t\t\t\t\t\t\t\t\t<\/div>\r\n\t\t\t\t\t\t\t\t\t\r\n\t\t\t\t\t\t\t\t\t\r\n\t\t\t\t\t\t\t\t\t\t\t\t\t\t\t\t\r\n\t\t\t\t\t\t\t\t\r\n\t\t\t\t\t\t\t<\/div><!--\/inner-wrap-->\r\n\t\t\t\t\t\t<\/div><!--\/col-->\r\n\t\t\t\t\t\t\r\n\t\t\t\t\t\t\t\t\t\t\t\r\n\t\t\t\t\t\t\t\t\t\t\t\t\r\n\t\t\t\t\t\t<div class=\"col span_4 regular element hafciarki \"  data-project-cat=\"hafciarki \" data-default-color=\"true\" data-title-color=\"\" data-subtitle-color=\"\">\r\n\t\t\t\t\t\t\t\r\n\t\t\t\t\t\t\t<div class=\"inner-wrap animated\" data-animation=\"none\">\r\n\t\t\t\t\t\t\t\t\r\n\t\t\t\t\t\t\t\t\t\t\t\t\t\t\t\t\t\r\n\t\t\t\t\t\t\t\t\t<div class=\"work-item style-1\" data-custom-content=\"off\">\r\n\t\t\t\t\t\t\t\t\t\t\r\n\t\t\t\t\t\t\t\t\t\t<img loading=\"lazy\" decoding=\"async\" class=\"size-regular skip-lazy\" src=\"http:\/\/haft.etnomuzeum.pl\/wp-content\/uploads\/2021\/10\/Grazyna_Kasza.jpg\" alt=\"Grazyna Kasza\" height=\"500\" width=\"500\" srcset=\"http:\/\/haft.etnomuzeum.pl\/wp-content\/uploads\/2021\/10\/Grazyna_Kasza.jpg 800w, http:\/\/haft.etnomuzeum.pl\/wp-content\/uploads\/2021\/10\/Grazyna_Kasza-276x300.jpg 276w, http:\/\/haft.etnomuzeum.pl\/wp-content\/uploads\/2021\/10\/Grazyna_Kasza-768x835.jpg 768w\" sizes=\"auto, (min-width: 1000px) 33.3vw, (min-width: 690px) 50vw, 100vw\" \/>\t\t\t\t\t\t\t\t\t\t\r\n\t\t\t\t\t\t\t\t\t\t\r\n\t\t\t\t\t\t\t\t\t\t<div class=\"work-info\"> \r\n\t\t\t\t\t\t\t\t\t\t\t\r\n\t\t\t\t\t\t\t\t\t\t\t\r\n\t\t\t\t\t\t\t\t\t\t\t\t\t\t\t\t\t\t\t\t\t\t\t\t\t<a href=\"http:\/\/haft.etnomuzeum.pl\/wp-content\/uploads\/2021\/10\/Grazyna_Kasza.jpg\"  title=\"Grazyna Kasza\"  class=\"pretty_photo\"><\/a>\r\n\t\t\t\t\t\t\t\t\t\t\t\t\t\t\t\t\t\t\t\t\t\t\t\t\r\n\t\t\t\t\t\t\t\t\t\t\t\r\n\t\t\t\t\t\t\t\t\t\t<\/div>\r\n\t\t\t\t\t\t\t\t\t\t\r\n\t\t\t\t\t\t\t\t\t<\/div><!--work-item-->\r\n\t\t\t\t\t\t\t\t\t\r\n\t\t\t\t\t\t\t\t\t<div class=\"work-meta\">\r\n\t\t\t\t\t\t\t\t\t\t<h4 class=\"title\">4<\/h4>\r\n\t\t\t\t\t\t\t\t\t\t\r\n\t\t\t\t\t\t\t\t\t\t\t\t\t\t\t\t\t\t\t\t\r\n\t\t\t\t\t\t\t\t\t<\/div>\r\n\t\t\t\t\t\t\t\t\t\r\n\t\t\t\t\t\t\t\t\t\r\n\t\t\t\t\t\t\t\t\t\t\t\t\t\t\t\t\r\n\t\t\t\t\t\t\t\t\r\n\t\t\t\t\t\t\t<\/div><!--\/inner-wrap-->\r\n\t\t\t\t\t\t<\/div><!--\/col-->\r\n\t\t\t\t\t\t\r\n\t\t\t\t\t\t\t\t\t\t\t\r\n\t\t\t\t\t\t\t\t\t\t\t\t\r\n\t\t\t\t\t\t<div class=\"col span_4 regular element hafciarki \"  data-project-cat=\"hafciarki \" data-default-color=\"true\" data-title-color=\"\" data-subtitle-color=\"\">\r\n\t\t\t\t\t\t\t\r\n\t\t\t\t\t\t\t<div class=\"inner-wrap animated\" data-animation=\"none\">\r\n\t\t\t\t\t\t\t\t\r\n\t\t\t\t\t\t\t\t\t\t\t\t\t\t\t\t\t\r\n\t\t\t\t\t\t\t\t\t<div class=\"work-item style-1\" data-custom-content=\"off\">\r\n\t\t\t\t\t\t\t\t\t\t\r\n\t\t\t\t\t\t\t\t\t\t<img loading=\"lazy\" decoding=\"async\" class=\"size-regular skip-lazy\" src=\"http:\/\/haft.etnomuzeum.pl\/wp-content\/uploads\/2021\/10\/Ewa_Jankowska.jpg\" alt=\"Ewa Jankowska\" height=\"500\" width=\"500\" srcset=\"http:\/\/haft.etnomuzeum.pl\/wp-content\/uploads\/2021\/10\/Ewa_Jankowska.jpg 800w, http:\/\/haft.etnomuzeum.pl\/wp-content\/uploads\/2021\/10\/Ewa_Jankowska-276x300.jpg 276w, http:\/\/haft.etnomuzeum.pl\/wp-content\/uploads\/2021\/10\/Ewa_Jankowska-768x835.jpg 768w\" sizes=\"auto, (min-width: 1000px) 33.3vw, (min-width: 690px) 50vw, 100vw\" \/>\t\t\t\t\t\t\t\t\t\t\r\n\t\t\t\t\t\t\t\t\t\t\r\n\t\t\t\t\t\t\t\t\t\t<div class=\"work-info\"> \r\n\t\t\t\t\t\t\t\t\t\t\t\r\n\t\t\t\t\t\t\t\t\t\t\t\r\n\t\t\t\t\t\t\t\t\t\t\t\t\t\t\t\t\t\t\t\t\t\t\t\t\t<a href=\"http:\/\/haft.etnomuzeum.pl\/wp-content\/uploads\/2021\/10\/Ewa_Jankowska.jpg\"  title=\"Ewa Jankowska\"  class=\"pretty_photo\"><\/a>\r\n\t\t\t\t\t\t\t\t\t\t\t\t\t\t\t\t\t\t\t\t\t\t\t\t\r\n\t\t\t\t\t\t\t\t\t\t\t\r\n\t\t\t\t\t\t\t\t\t\t<\/div>\r\n\t\t\t\t\t\t\t\t\t\t\r\n\t\t\t\t\t\t\t\t\t<\/div><!--work-item-->\r\n\t\t\t\t\t\t\t\t\t\r\n\t\t\t\t\t\t\t\t\t<div class=\"work-meta\">\r\n\t\t\t\t\t\t\t\t\t\t<h4 class=\"title\">3<\/h4>\r\n\t\t\t\t\t\t\t\t\t\t\r\n\t\t\t\t\t\t\t\t\t\t\t\t\t\t\t\t\t\t\t\t\r\n\t\t\t\t\t\t\t\t\t<\/div>\r\n\t\t\t\t\t\t\t\t\t\r\n\t\t\t\t\t\t\t\t\t\r\n\t\t\t\t\t\t\t\t\t\t\t\t\t\t\t\t\r\n\t\t\t\t\t\t\t\t\r\n\t\t\t\t\t\t\t<\/div><!--\/inner-wrap-->\r\n\t\t\t\t\t\t<\/div><!--\/col-->\r\n\t\t\t\t\t\t\r\n\t\t\t\t\t\t\t\t\t\t\t\r\n\t\t\t\t\t\t\t\t\t\t\t\t\r\n\t\t\t\t\t\t<div class=\"col span_4 regular element hafciarki \"  data-project-cat=\"hafciarki \" data-default-color=\"true\" data-title-color=\"\" data-subtitle-color=\"\">\r\n\t\t\t\t\t\t\t\r\n\t\t\t\t\t\t\t<div class=\"inner-wrap animated\" data-animation=\"none\">\r\n\t\t\t\t\t\t\t\t\r\n\t\t\t\t\t\t\t\t\t\t\t\t\t\t\t\t\t\r\n\t\t\t\t\t\t\t\t\t<div class=\"work-item style-1\" data-custom-content=\"off\">\r\n\t\t\t\t\t\t\t\t\t\t\r\n\t\t\t\t\t\t\t\t\t\t<img loading=\"lazy\" decoding=\"async\" class=\"size-regular skip-lazy\" src=\"http:\/\/haft.etnomuzeum.pl\/wp-content\/uploads\/2021\/10\/Elzbieta_Staszak.jpg\" alt=\"Elzbieta Staszak\" height=\"500\" width=\"500\" srcset=\"http:\/\/haft.etnomuzeum.pl\/wp-content\/uploads\/2021\/10\/Elzbieta_Staszak.jpg 800w, http:\/\/haft.etnomuzeum.pl\/wp-content\/uploads\/2021\/10\/Elzbieta_Staszak-276x300.jpg 276w, http:\/\/haft.etnomuzeum.pl\/wp-content\/uploads\/2021\/10\/Elzbieta_Staszak-768x835.jpg 768w\" sizes=\"auto, (min-width: 1000px) 33.3vw, (min-width: 690px) 50vw, 100vw\" \/>\t\t\t\t\t\t\t\t\t\t\r\n\t\t\t\t\t\t\t\t\t\t\r\n\t\t\t\t\t\t\t\t\t\t<div class=\"work-info\"> \r\n\t\t\t\t\t\t\t\t\t\t\t\r\n\t\t\t\t\t\t\t\t\t\t\t\r\n\t\t\t\t\t\t\t\t\t\t\t\t\t\t\t\t\t\t\t\t\t\t\t\t\t<a href=\"http:\/\/haft.etnomuzeum.pl\/wp-content\/uploads\/2021\/10\/Elzbieta_Staszak.jpg\"  title=\"Elzbieta Staszak\"  class=\"pretty_photo\"><\/a>\r\n\t\t\t\t\t\t\t\t\t\t\t\t\t\t\t\t\t\t\t\t\t\t\t\t\r\n\t\t\t\t\t\t\t\t\t\t\t\r\n\t\t\t\t\t\t\t\t\t\t<\/div>\r\n\t\t\t\t\t\t\t\t\t\t\r\n\t\t\t\t\t\t\t\t\t<\/div><!--work-item-->\r\n\t\t\t\t\t\t\t\t\t\r\n\t\t\t\t\t\t\t\t\t<div class=\"work-meta\">\r\n\t\t\t\t\t\t\t\t\t\t<h4 class=\"title\">2<\/h4>\r\n\t\t\t\t\t\t\t\t\t\t\r\n\t\t\t\t\t\t\t\t\t\t\t\t\t\t\t\t\t\t\t\t\r\n\t\t\t\t\t\t\t\t\t<\/div>\r\n\t\t\t\t\t\t\t\t\t\r\n\t\t\t\t\t\t\t\t\t\r\n\t\t\t\t\t\t\t\t\t\t\t\t\t\t\t\t\r\n\t\t\t\t\t\t\t\t\r\n\t\t\t\t\t\t\t<\/div><!--\/inner-wrap-->\r\n\t\t\t\t\t\t<\/div><!--\/col-->\r\n\t\t\t\t\t\t\r\n\t\t\t\t\t\t\t\t\t\t\t\r\n\t\t\t\t\t\t\t\t\t\t\t\t\r\n\t\t\t\t\t\t<div class=\"col span_4 regular element hafciarki \"  data-project-cat=\"hafciarki \" data-default-color=\"true\" data-title-color=\"\" data-subtitle-color=\"\">\r\n\t\t\t\t\t\t\t\r\n\t\t\t\t\t\t\t<div class=\"inner-wrap animated\" data-animation=\"none\">\r\n\t\t\t\t\t\t\t\t\r\n\t\t\t\t\t\t\t\t\t\t\t\t\t\t\t\t\t\r\n\t\t\t\t\t\t\t\t\t<div class=\"work-item style-1\" data-custom-content=\"off\">\r\n\t\t\t\t\t\t\t\t\t\t\r\n\t\t\t\t\t\t\t\t\t\t<img loading=\"lazy\" decoding=\"async\" class=\"size-regular skip-lazy\" src=\"http:\/\/haft.etnomuzeum.pl\/wp-content\/uploads\/2021\/10\/Elzbieta_Pastuch.jpg\" alt=\"Elzbieta Pastuch\" height=\"500\" width=\"500\" srcset=\"http:\/\/haft.etnomuzeum.pl\/wp-content\/uploads\/2021\/10\/Elzbieta_Pastuch.jpg 800w, http:\/\/haft.etnomuzeum.pl\/wp-content\/uploads\/2021\/10\/Elzbieta_Pastuch-276x300.jpg 276w, http:\/\/haft.etnomuzeum.pl\/wp-content\/uploads\/2021\/10\/Elzbieta_Pastuch-768x835.jpg 768w\" sizes=\"auto, (min-width: 1000px) 33.3vw, (min-width: 690px) 50vw, 100vw\" \/>\t\t\t\t\t\t\t\t\t\t\r\n\t\t\t\t\t\t\t\t\t\t\r\n\t\t\t\t\t\t\t\t\t\t<div class=\"work-info\"> \r\n\t\t\t\t\t\t\t\t\t\t\t\r\n\t\t\t\t\t\t\t\t\t\t\t\r\n\t\t\t\t\t\t\t\t\t\t\t\t\t\t\t\t\t\t\t\t\t\t\t\t\t<a href=\"http:\/\/haft.etnomuzeum.pl\/wp-content\/uploads\/2021\/10\/Elzbieta_Pastuch.jpg\"  title=\"Elzbieta Pastuch\"  class=\"pretty_photo\"><\/a>\r\n\t\t\t\t\t\t\t\t\t\t\t\t\t\t\t\t\t\t\t\t\t\t\t\t\r\n\t\t\t\t\t\t\t\t\t\t\t\r\n\t\t\t\t\t\t\t\t\t\t<\/div>\r\n\t\t\t\t\t\t\t\t\t\t\r\n\t\t\t\t\t\t\t\t\t<\/div><!--work-item-->\r\n\t\t\t\t\t\t\t\t\t\r\n\t\t\t\t\t\t\t\t\t<div class=\"work-meta\">\r\n\t\t\t\t\t\t\t\t\t\t<h4 class=\"title\">1<\/h4>\r\n\t\t\t\t\t\t\t\t\t\t\r\n\t\t\t\t\t\t\t\t\t\t\t\t\t\t\t\t\t\t\t\t\r\n\t\t\t\t\t\t\t\t\t<\/div>\r\n\t\t\t\t\t\t\t\t\t\r\n\t\t\t\t\t\t\t\t\t\r\n\t\t\t\t\t\t\t\t\t\t\t\t\t\t\t\t\r\n\t\t\t\t\t\t\t\t\r\n\t\t\t\t\t\t\t<\/div><!--\/inner-wrap-->\r\n\t\t\t\t\t\t<\/div><!--\/col-->\r\n\t\t\t\t\t\t\r\n\t\t\t\t\t\t\t\t\t\t\r\n\t\t\t\t<\/div><!--\/portfolio-->\r\n\t\t\t<\/div><!--\/portfolio wrap-->\r\n\t\t\t\r\n\t\t\t[\/vc_column][\/vc_row]\n","protected":false},"excerpt":{"rendered":"<p>[vc_row type=&#8221;full_width_content&#8221; full_screen_row_position=&#8221;middle&#8221; column_margin=&#8221;default&#8221; column_direction=&#8221;default&#8221; column_direction_tablet=&#8221;default&#8221; column_direction_phone=&#8221;default&#8221; bg_image=&#8221;616&#8243; bg_position=&#8221;left top&#8221; background_image_loading=&#8221;default&#8221; bg_repeat=&#8221;no-repeat&#8221; scene_position=&#8221;center&#8221; text_color=&#8221;dark&#8221; text_align=&#8221;left&#8221; row_border_radius=&#8221;none&#8221; row_border_radius_applies=&#8221;bg&#8221; overlay_strength=&#8221;0.3&#8243; gradient_direction=&#8221;left_to_right&#8221; shape_divider_position=&#8221;bottom&#8221; bg_image_animation=&#8221;none&#8221; shape_type=&#8221;&#8221;][vc_column column_padding=&#8221;no-extra-padding&#8221; column_padding_tablet=&#8221;inherit&#8221; column_padding_phone=&#8221;inherit&#8221; column_padding_position=&#8221;all&#8221; column_element_spacing=&#8221;default&#8221; background_color_opacity=&#8221;1&#8243; background_hover_color_opacity=&#8221;1&#8243; column_shadow=&#8221;none&#8221;&#8230;<\/p>\n","protected":false},"author":1,"featured_media":0,"parent":0,"menu_order":0,"comment_status":"closed","ping_status":"closed","template":"","meta":{"footnotes":""},"class_list":["post-191","page","type-page","status-publish"],"yoast_head":"<!-- This site is optimized with the Yoast SEO plugin v17.1 - https:\/\/yoast.com\/wordpress\/plugins\/seo\/ -->\n<title>wspo\u0142czesnosc - Muzeum Etnograficzne im. Marii Znamierowskiej-Prufferowej w Toruniu.<\/title>\n<meta name=\"robots\" content=\"index, follow, max-snippet:-1, max-image-preview:large, max-video-preview:-1\" \/>\n<link rel=\"canonical\" href=\"http:\/\/haft.etnomuzeum.pl\/?page_id=191\" \/>\n<meta property=\"og:locale\" content=\"en_US\" \/>\n<meta property=\"og:type\" content=\"article\" \/>\n<meta property=\"og:title\" content=\"wspo\u0142czesnosc - Muzeum Etnograficzne im. Marii Znamierowskiej-Prufferowej w Toruniu.\" \/>\n<meta property=\"og:description\" content=\"[vc_row type=&#8221;full_width_content&#8221; full_screen_row_position=&#8221;middle&#8221; column_margin=&#8221;default&#8221; column_direction=&#8221;default&#8221; column_direction_tablet=&#8221;default&#8221; column_direction_phone=&#8221;default&#8221; bg_image=&#8221;616&#8243; bg_position=&#8221;left top&#8221; background_image_loading=&#8221;default&#8221; bg_repeat=&#8221;no-repeat&#8221; scene_position=&#8221;center&#8221; text_color=&#8221;dark&#8221; text_align=&#8221;left&#8221; row_border_radius=&#8221;none&#8221; row_border_radius_applies=&#8221;bg&#8221; overlay_strength=&#8221;0.3&#8243; gradient_direction=&#8221;left_to_right&#8221; shape_divider_position=&#8221;bottom&#8221; bg_image_animation=&#8221;none&#8221; shape_type=&#8221;&#8221;][vc_column column_padding=&#8221;no-extra-padding&#8221; column_padding_tablet=&#8221;inherit&#8221; column_padding_phone=&#8221;inherit&#8221; column_padding_position=&#8221;all&#8221; column_element_spacing=&#8221;default&#8221; background_color_opacity=&#8221;1&#8243; background_hover_color_opacity=&#8221;1&#8243; column_shadow=&#8221;none&#8221;...\" \/>\n<meta property=\"og:url\" content=\"http:\/\/haft.etnomuzeum.pl\/?page_id=191\" \/>\n<meta property=\"og:site_name\" content=\"Muzeum Etnograficzne im. Marii Znamierowskiej-Prufferowej w Toruniu.\" \/>\n<meta property=\"article:modified_time\" content=\"2021-10-12T20:02:57+00:00\" \/>\n<meta name=\"twitter:card\" content=\"summary_large_image\" \/>\n<meta name=\"twitter:label1\" content=\"Est. reading time\" \/>\n\t<meta name=\"twitter:data1\" content=\"8 minutes\" \/>\n<script type=\"application\/ld+json\" class=\"yoast-schema-graph\">{\"@context\":\"https:\/\/schema.org\",\"@graph\":[{\"@type\":\"WebSite\",\"@id\":\"http:\/\/haft.etnomuzeum.pl\/#website\",\"url\":\"http:\/\/haft.etnomuzeum.pl\/\",\"name\":\"Muzeum Etnograficzne im. Marii Znamierowskiej-Prufferowej w Toruniu.\",\"description\":\"Dziedzictwo Niematerialne\/ Ulotne tradycje\",\"potentialAction\":[{\"@type\":\"SearchAction\",\"target\":{\"@type\":\"EntryPoint\",\"urlTemplate\":\"http:\/\/haft.etnomuzeum.pl\/?s={search_term_string}\"},\"query-input\":\"required name=search_term_string\"}],\"inLanguage\":\"en-US\"},{\"@type\":\"WebPage\",\"@id\":\"http:\/\/haft.etnomuzeum.pl\/?page_id=191#webpage\",\"url\":\"http:\/\/haft.etnomuzeum.pl\/?page_id=191\",\"name\":\"wspo\\u0142czesnosc - Muzeum Etnograficzne im. Marii Znamierowskiej-Prufferowej w Toruniu.\",\"isPartOf\":{\"@id\":\"http:\/\/haft.etnomuzeum.pl\/#website\"},\"datePublished\":\"2021-09-30T17:25:36+00:00\",\"dateModified\":\"2021-10-12T20:02:57+00:00\",\"breadcrumb\":{\"@id\":\"http:\/\/haft.etnomuzeum.pl\/?page_id=191#breadcrumb\"},\"inLanguage\":\"en-US\",\"potentialAction\":[{\"@type\":\"ReadAction\",\"target\":[\"http:\/\/haft.etnomuzeum.pl\/?page_id=191\"]}]},{\"@type\":\"BreadcrumbList\",\"@id\":\"http:\/\/haft.etnomuzeum.pl\/?page_id=191#breadcrumb\",\"itemListElement\":[{\"@type\":\"ListItem\",\"position\":1,\"name\":\"Home\",\"item\":\"http:\/\/haft.etnomuzeum.pl\/\"},{\"@type\":\"ListItem\",\"position\":2,\"name\":\"wspo\\u0142czesnosc\"}]}]}<\/script>\n<!-- \/ Yoast SEO plugin. -->","yoast_head_json":{"title":"wspo\u0142czesnosc - Muzeum Etnograficzne im. Marii Znamierowskiej-Prufferowej w Toruniu.","robots":{"index":"index","follow":"follow","max-snippet":"max-snippet:-1","max-image-preview":"max-image-preview:large","max-video-preview":"max-video-preview:-1"},"canonical":"http:\/\/haft.etnomuzeum.pl\/?page_id=191","og_locale":"en_US","og_type":"article","og_title":"wspo\u0142czesnosc - Muzeum Etnograficzne im. Marii Znamierowskiej-Prufferowej w Toruniu.","og_description":"[vc_row type=&#8221;full_width_content&#8221; full_screen_row_position=&#8221;middle&#8221; column_margin=&#8221;default&#8221; column_direction=&#8221;default&#8221; column_direction_tablet=&#8221;default&#8221; column_direction_phone=&#8221;default&#8221; bg_image=&#8221;616&#8243; bg_position=&#8221;left top&#8221; background_image_loading=&#8221;default&#8221; bg_repeat=&#8221;no-repeat&#8221; scene_position=&#8221;center&#8221; text_color=&#8221;dark&#8221; text_align=&#8221;left&#8221; row_border_radius=&#8221;none&#8221; row_border_radius_applies=&#8221;bg&#8221; overlay_strength=&#8221;0.3&#8243; gradient_direction=&#8221;left_to_right&#8221; shape_divider_position=&#8221;bottom&#8221; bg_image_animation=&#8221;none&#8221; shape_type=&#8221;&#8221;][vc_column column_padding=&#8221;no-extra-padding&#8221; column_padding_tablet=&#8221;inherit&#8221; column_padding_phone=&#8221;inherit&#8221; column_padding_position=&#8221;all&#8221; column_element_spacing=&#8221;default&#8221; background_color_opacity=&#8221;1&#8243; background_hover_color_opacity=&#8221;1&#8243; column_shadow=&#8221;none&#8221;...","og_url":"http:\/\/haft.etnomuzeum.pl\/?page_id=191","og_site_name":"Muzeum Etnograficzne im. Marii Znamierowskiej-Prufferowej w Toruniu.","article_modified_time":"2021-10-12T20:02:57+00:00","twitter_card":"summary_large_image","twitter_misc":{"Est. reading time":"8 minutes"},"schema":{"@context":"https:\/\/schema.org","@graph":[{"@type":"WebSite","@id":"http:\/\/haft.etnomuzeum.pl\/#website","url":"http:\/\/haft.etnomuzeum.pl\/","name":"Muzeum Etnograficzne im. Marii Znamierowskiej-Prufferowej w Toruniu.","description":"Dziedzictwo Niematerialne\/ Ulotne tradycje","potentialAction":[{"@type":"SearchAction","target":{"@type":"EntryPoint","urlTemplate":"http:\/\/haft.etnomuzeum.pl\/?s={search_term_string}"},"query-input":"required name=search_term_string"}],"inLanguage":"en-US"},{"@type":"WebPage","@id":"http:\/\/haft.etnomuzeum.pl\/?page_id=191#webpage","url":"http:\/\/haft.etnomuzeum.pl\/?page_id=191","name":"wspo\u0142czesnosc - Muzeum Etnograficzne im. Marii Znamierowskiej-Prufferowej w Toruniu.","isPartOf":{"@id":"http:\/\/haft.etnomuzeum.pl\/#website"},"datePublished":"2021-09-30T17:25:36+00:00","dateModified":"2021-10-12T20:02:57+00:00","breadcrumb":{"@id":"http:\/\/haft.etnomuzeum.pl\/?page_id=191#breadcrumb"},"inLanguage":"en-US","potentialAction":[{"@type":"ReadAction","target":["http:\/\/haft.etnomuzeum.pl\/?page_id=191"]}]},{"@type":"BreadcrumbList","@id":"http:\/\/haft.etnomuzeum.pl\/?page_id=191#breadcrumb","itemListElement":[{"@type":"ListItem","position":1,"name":"Home","item":"http:\/\/haft.etnomuzeum.pl\/"},{"@type":"ListItem","position":2,"name":"wspo\u0142czesnosc"}]}]}},"_links":{"self":[{"href":"http:\/\/haft.etnomuzeum.pl\/index.php?rest_route=\/wp\/v2\/pages\/191","targetHints":{"allow":["GET"]}}],"collection":[{"href":"http:\/\/haft.etnomuzeum.pl\/index.php?rest_route=\/wp\/v2\/pages"}],"about":[{"href":"http:\/\/haft.etnomuzeum.pl\/index.php?rest_route=\/wp\/v2\/types\/page"}],"author":[{"embeddable":true,"href":"http:\/\/haft.etnomuzeum.pl\/index.php?rest_route=\/wp\/v2\/users\/1"}],"replies":[{"embeddable":true,"href":"http:\/\/haft.etnomuzeum.pl\/index.php?rest_route=%2Fwp%2Fv2%2Fcomments&post=191"}],"version-history":[{"count":37,"href":"http:\/\/haft.etnomuzeum.pl\/index.php?rest_route=\/wp\/v2\/pages\/191\/revisions"}],"predecessor-version":[{"id":971,"href":"http:\/\/haft.etnomuzeum.pl\/index.php?rest_route=\/wp\/v2\/pages\/191\/revisions\/971"}],"wp:attachment":[{"href":"http:\/\/haft.etnomuzeum.pl\/index.php?rest_route=%2Fwp%2Fv2%2Fmedia&parent=191"}],"curies":[{"name":"wp","href":"https:\/\/api.w.org\/{rel}","templated":true}]}}